{"id":25,"date":"2022-08-11T07:01:22","date_gmt":"2022-08-11T05:01:22","guid":{"rendered":"http:\/\/www.zosp.bydgoszcz.pl\/?page_id=25"},"modified":"2026-04-18T19:37:38","modified_gmt":"2026-04-18T17:37:38","slug":"wojewodzkie-kolegium-sedziow","status":"publish","type":"page","link":"http:\/\/www.zosp.bydgoszcz.pl\/?page_id=25","title":{"rendered":"Kolegium S\u0119dzi\u00f3w"},"content":{"rendered":"\n<figure class=\"wp-block-image size-full\"><a href=\"http:\/\/www.zosp.bydgoszcz.pl\/wp-content\/uploads\/2022\/11\/wks2-1.jpg\"><img loading=\"lazy\" decoding=\"async\" width=\"300\" height=\"300\" src=\"http:\/\/www.zosp.bydgoszcz.pl\/wp-content\/uploads\/2022\/11\/wks2-1.jpg\" alt=\"\" class=\"wp-image-784\" srcset=\"http:\/\/www.zosp.bydgoszcz.pl\/wp-content\/uploads\/2022\/11\/wks2-1.jpg 300w, http:\/\/www.zosp.bydgoszcz.pl\/wp-content\/uploads\/2022\/11\/wks2-1-150x150.jpg 150w\" sizes=\"auto, (max-width: 300px) 100vw, 300px\" \/><\/a><\/figure>\n\n\n\n<p class=\"has-medium-font-size\"><strong>Kolegium S\u0119dzi\u00f3w Zawod\u00f3w Stra\u017cackich Oddzia\u0142u Wojew\u00f3dzkiego ZOSP RP wojew\u00f3dztwa kujawsko-pomorskiego<\/strong><br><\/p>\n\n\n\n<p class=\"has-medium-font-size\"><strong>Zarz\u0105d<\/strong><\/p>\n\n\n\n<p>Sk\u0142ad Zarz\u0105du Kolegium S\u0119dzi\u00f3w Zawod\u00f3w Stra\u017cackich Oddzia\u0142u Wojew\u00f3dzkiego ZOSP RP wojew\u00f3dztwa kujawsko-pomorskiego wybrany w dniu 19.11.2022 na kadencj\u0119 2022-2027<\/p>\n\n\n\n<p><\/p>\n\n\n\n<p>Leszek Szmyt \u2013 Przewodnicz\u0105cy<br>Jerzy Fydrych \u2013 I Wice przewodnicz\u0105cy<br>Dariusz Kowalczyk \u2013 II Wice przewodnicz\u0105cy<br>Ewelina Suli\u0144ska-Go\u0142ebiewska III Wice przewodnicz\u0105ca<br>Wojciech Kowalczyk \u2013 Sekretarz<br>Tomasz Mrozowski \u2013 Cz\u0142onek Zarz\u0105du<br>Marcin Zacharenko \u2013 Cz\u0142onek Zarz\u0105du<br>Marek Szimelpfening \u2013 Cz\u0142onek Zarz\u0105du<br>Mariusz Mantych \u2013 Cz\u0142onek Zarz\u0105du<br>Sebastian Paraszczuk \u2013 Cz\u0142onek Zarz\u0105du<br>Wies\u0142aw Zi\u00f3\u0142kowski \u2013 Cz\u0142onek Zarz\u0105du<\/p>\n\n\n\n<p>Wniosek o wystawienie komisji s\u0119dziowskiej na zawody \u2013 po wype\u0142nieniu skan nale\u017cy przes\u0142a\u0107 do sekretarza kolegium format <a href=\"http:\/\/www.zosp.bydgoszcz.pl\/pdf\/inne\/Wniosek_o_przybycie_sedziow.doc\">word<\/a>   <a href=\"http:\/\/www.zosp.bydgoszcz.pl\/pdf\/inne\/Wniosek%20_o_przybycie_sedziow.pdf\">pdf<\/a><\/p>\n\n\n\n<p>S\u0119dziowie kolegium na rok 2026<\/p>\n\n\n\n<ul class=\"wp-block-list\">\n<li>Adamkowska Agnieszka powiat lipnowski<\/li>\n\n\n\n<li>Aleksandrzak Oliwia powiat aleksandrowski<\/li>\n\n\n\n<li>Bejgrowicz Kacper powiat rypi\u0144ski<\/li>\n\n\n\n<li>Bienkowski Rafa\u0142 powiat rypi\u0144ski<\/li>\n\n\n\n<li>Borlik Milena powiat \u00a0s\u0119pole\u0144skim \u00a0<\/li>\n\n\n\n<li>Bujanowski Mariusz powiat lipnowski<\/li>\n\n\n\n<li>Burmistrzak Bartosz powiat aleksandrowski<\/li>\n\n\n\n<li>Bytner Tomasz powiat brodnicki<\/li>\n\n\n\n<li>Bytner Waldemar powiat brodnicki<\/li>\n\n\n\n<li>Chojnicki Mateusz powiat lipnowski<\/li>\n\n\n\n<li>Chotkowski Pawe\u0142 powiat w\u0105brzeski s\u0119dzia licz\u0105cy<\/li>\n\n\n\n<li>Cie\u015bnik Weronika powiat brodnicki<\/li>\n\n\n\n<li>Czajkowski \u0141ukasz powiat rypi\u0144ski<\/li>\n\n\n\n<li>Czerwi\u0144ski Jakub powiat brodnicki<\/li>\n\n\n\n<li>Czerwi\u0144ski Krzysztof powiat brodnicki<\/li>\n\n\n\n<li>\u0106wikli\u0144ska Marta powiat brodnicki<\/li>\n\n\n\n<li>\u0106wikli\u0144ska Marta powiat brodnicki<\/li>\n\n\n\n<li>D\u0105bek Karolina powiat rypi\u0144ski<\/li>\n\n\n\n<li>D\u0105bek Karolina powiat rypi\u0144ski s\u0119dzia licz\u0105cy<\/li>\n\n\n\n<li>Frankiewicz Marek powiat grudzi\u0105dzki<\/li>\n\n\n\n<li>Fydrych Jerzy powiat lipnowski<\/li>\n\n\n\n<li>Fydrych Martynin powiat aleksandrowski<\/li>\n\n\n\n<li>Gabriel Jagoda powiat brodnicki<\/li>\n\n\n\n<li>Galczewska Agnieszka powiat w\u0105brzeski<\/li>\n\n\n\n<li>G\u00f3rko Natalia miasto Bydgoszcz<\/li>\n\n\n\n<li>Hanuszewska Wies\u0142awa powiat brodnicki<\/li>\n\n\n\n<li>Hernacka Aleksandra powiat aleksandrowski<\/li>\n\n\n\n<li>Hossa Miros\u0142aw powiat golubski<\/li>\n\n\n\n<li>Inatlewski Marek powiat brodnicki<\/li>\n\n\n\n<li>Januszewska Paulina powiat \u00a0s\u0119pole\u0144ski \u00a0<\/li>\n\n\n\n<li>Jasiorowska Julita powiat nakielski<\/li>\n\n\n\n<li>Jasiorowska Sandra powiat nakielski<\/li>\n\n\n\n<li>Jasiorowski Hubert powiat nakielski<\/li>\n\n\n\n<li>Ja\u015btak Micha\u0142 powiat inowroc\u0142awski<\/li>\n\n\n\n<li>Jelonek Katarzyna powiat \u017cni\u0144ski s\u0119dzia licz\u0105cy<\/li>\n\n\n\n<li>Kalinowska Jolanta powiat lipnowski<\/li>\n\n\n\n<li>Kalinowski Bartosz powiat grudzi\u0105dzki<\/li>\n\n\n\n<li>Kalinowski Marcin powiat grudzi\u0105dzki<\/li>\n\n\n\n<li>Kalinowski Roman powiat grudzi\u0105dzki<\/li>\n\n\n\n<li>Kaliszewska Monika powiat toru\u0144ski<\/li>\n\n\n\n<li>Ka\u015blewicz Maria powiat rypi\u0144ski<\/li>\n\n\n\n<li>Kirsz Pawe\u0142 miasto Bydgoszcz<\/li>\n\n\n\n<li>Kleina Emilia powiat grudzi\u0105dzki<\/li>\n\n\n\n<li>K\u0142osi\u0144ski Patryk powiat rypi\u0144ski<\/li>\n\n\n\n<li>Kosi\u0144ski S\u0142awomir powiat \u017cni\u0144ski s\u0119dzia licz\u0105cy<\/li>\n\n\n\n<li>Kowalczyk Dariusz powiat \u00a0s\u0119pole\u0144ski \u00a0<\/li>\n\n\n\n<li>Kowalczyk Klaudia powiat \u00a0s\u0119pole\u0144ski \u00a0<\/li>\n\n\n\n<li>Kowalczyk Ma\u0142gorzata powiat \u00a0s\u0119pole\u0144ski \u00a0<\/li>\n\n\n\n<li>Kowalczyk Micha\u0142 miasto Bydgoszcz s\u0119dzia licz\u0105cy<\/li>\n\n\n\n<li>Kowalczyk Miko\u0142aj powiat \u00a0s\u0119pole\u0144ski \u00a0<\/li>\n\n\n\n<li>Kowalczyk Wojciech miasto\u00a0Bydgoszcz<\/li>\n\n\n\n<li>Kowalski Miros\u0142aw powiat inowroc\u0142awski<\/li>\n\n\n\n<li>Ko\u017alikowski Marian powiat toru\u0144ski<\/li>\n\n\n\n<li>Ko\u017alikowski Micha\u0142 powiat w\u0105brzeski<\/li>\n\n\n\n<li>Krauza Agnieszka powiat rypi\u0144ski s\u0119dzia licz\u0105cy<\/li>\n\n\n\n<li>Kroll J\u0119drzej miasto\u00a0Bydgoszcz<\/li>\n\n\n\n<li>Kruk Arkadiusz powiat w\u0105brzeski<\/li>\n\n\n\n<li>Kucharski Mariusz powiat\u00a0mogile\u0144ski<\/li>\n\n\n\n<li>Kulska Weronika powiat nakielski<\/li>\n\n\n\n<li>Ku\u015bmierek Krzysztof miasto Bydgoszcz<\/li>\n\n\n\n<li>Latzke Mi\u0142osz powiat s\u0119pole\u0144ski<\/li>\n\n\n\n<li>Le\u015bniewski Bartosz powiat nakielski<\/li>\n\n\n\n<li>Le\u015bniewski Wojciech powiat nakielski<\/li>\n\n\n\n<li>Lewandowski Aleksander powiat aleksandrowski<\/li>\n\n\n\n<li>\u0141ab\u0119dzki Dawid powiat golubski<\/li>\n\n\n\n<li>Malon Agnieszka powiat golubski<\/li>\n\n\n\n<li>Mantych Mariusz powiat nakielski<\/li>\n\n\n\n<li>Marynowska Paulina powiat rypi\u0144ski<\/li>\n\n\n\n<li>M\u0119\u017cykowski Dariusz powiat golubski<\/li>\n\n\n\n<li>Mickiewicz Magdalena powiat grudzi\u0105dzki<\/li>\n\n\n\n<li>Mieczkowska Agnieszka miasto Bydgoszcz<\/li>\n\n\n\n<li>Milewski Dawid powiat rypi\u0144ski<\/li>\n\n\n\n<li>Mistrzak Jakub powiat nakielski<\/li>\n\n\n\n<li>Moniak Amadeusz powiat inowroc\u0142awski<\/li>\n\n\n\n<li>Monika Klugiewicz powiat w\u0105brzeski<\/li>\n\n\n\n<li>Moraczewska Angelika powiat nakielski<\/li>\n\n\n\n<li>Moskal Filip powiat che\u0142mi\u0144ski<\/li>\n\n\n\n<li>Mroczy\u0144ski Tomasz powiat brodnicki<\/li>\n\n\n\n<li>Mrozowski Bartosz powiat brodnicki<\/li>\n\n\n\n<li>Mrozowski Tomasz powiat brodnicki<\/li>\n\n\n\n<li>Murawski Lech powiat inowroc\u0142awski<\/li>\n\n\n\n<li>Muszy\u0144ska Anna powiat \u00a0s\u0119pole\u0144ski \u00a0<\/li>\n\n\n\n<li>Napi\u00f3rkowski S\u0142awomir powiat grudzi\u0105dzki<\/li>\n\n\n\n<li>Nesterowicz Jakub powiat toru\u0144ski<\/li>\n\n\n\n<li>Niemczyk Patrycja powiat \u00a0s\u0119pole\u0144ski \u00a0<\/li>\n\n\n\n<li>Nowak Julia powiat aleksandrowski<\/li>\n\n\n\n<li>Nowak Natalia powiat aleksandrowski<\/li>\n\n\n\n<li>Nowakowski Janusz powiat lipnowski<\/li>\n\n\n\n<li>Oliwa Damian powiat w\u0105brzeski<\/li>\n\n\n\n<li>Or\u0119dowski Mateusz powiat rypi\u0144ski<\/li>\n\n\n\n<li>Osi\u0144ski \u00a0Patryk powiat aleksandrowski<\/li>\n\n\n\n<li>Ostrowska Barbara powiat grudzi\u0105dzki<\/li>\n\n\n\n<li>Ostrowski Piotr powiat grudzi\u0105dzki<\/li>\n\n\n\n<li>Owczarzak Marta powiat \u017cni\u0144ski s\u0119dzia licz\u0105cy<\/li>\n\n\n\n<li>Pacek Violetta powiat s\u0119pole\u0144ski<\/li>\n\n\n\n<li>Palpuchowski Patryk powiat grudzi\u0105dzki<\/li>\n\n\n\n<li>Papierowski Marian powiat s\u0119pole\u0144ski<\/li>\n\n\n\n<li>Paraszczuk Sebastian powiat bydgoski<\/li>\n\n\n\n<li>Piotrowski Maciej powiat inowroc\u0142awski<\/li>\n\n\n\n<li>Pitan-Gumi\u0144ska Natalia powiat w\u0105brzeski<\/li>\n\n\n\n<li>P\u0142awi\u0144ski Pawe\u0142 powiat grudzi\u0105dzki<\/li>\n\n\n\n<li>Proch Micha\u0142 powiat\u00a0mogile\u0144ski<\/li>\n\n\n\n<li>Proch \u017baneta powiat\u00a0mogile\u0144ski<\/li>\n\n\n\n<li>Rezmer S\u0142awomir powiat \u017cni\u0144ski<\/li>\n\n\n\n<li>Romanowski Cezary powiat grudzi\u0105dzki<\/li>\n\n\n\n<li>Ronowicz Remigiusz powiat rypi\u0144ski<\/li>\n\n\n\n<li>Rozpierska Natalia powiat rypi\u0144ski<\/li>\n\n\n\n<li>Rumi\u0144ski Dawid powiat golubski<\/li>\n\n\n\n<li>Rybak Julia Monika powiat nakielski<\/li>\n\n\n\n<li>Rygielska Julia powiat rypi\u0144ski<\/li>\n\n\n\n<li>Samol Arkadiusz powiat grudzi\u0105dzki<\/li>\n\n\n\n<li>Schalau Roman miasto Bydgoszcz<\/li>\n\n\n\n<li>Sejdowska Anna powiat w\u0142oc\u0142awski<\/li>\n\n\n\n<li>Siemi\u0144ski Bartosz powiat brodnicki<\/li>\n\n\n\n<li>Sobiecki Maciej powiat lipnowski<\/li>\n\n\n\n<li>Spica Iwona powiat \u00a0s\u0119pole\u0144ski \u00a0<\/li>\n\n\n\n<li>Stanis\u0142awek Monika Anna powiat toru\u0144ski<\/li>\n\n\n\n<li>Stefa\u0144ska Karolina powiat rypi\u0144ski<\/li>\n\n\n\n<li>Sulikowska Bogus\u0142awa powiat \u00a0s\u0119pole\u0144ski \u00a0<\/li>\n\n\n\n<li>Suli\u0144ska-Go\u0142\u0119biewska Ewelina powiat lipnowski<\/li>\n\n\n\n<li>Sza\u0142kowska Zuzanna miasto Bydgoszcz<\/li>\n\n\n\n<li>Szersze\u0144 Krzysztof powiat brodnicki<\/li>\n\n\n\n<li>Szimelpfenig Marek miasto\u00a0Bydgoszcz<\/li>\n\n\n\n<li>Szmyt Ewa miasto\u00a0Bydgoszcz<\/li>\n\n\n\n<li>Szmyt Leszek miasto\u00a0Bydgoszcz<\/li>\n\n\n\n<li>Szyma\u0144ski Sebastian powiat \u017cni\u0144ski s\u0119dzia licz\u0105cy<\/li>\n\n\n\n<li>Tr\u0105ba Katarzyna powiat w\u0105brzeski<\/li>\n\n\n\n<li>Tr\u0105ba Krystian powiat w\u0105brzeski<\/li>\n\n\n\n<li>Tr\u0119dowska Agnieszka powiat brodnicki<\/li>\n\n\n\n<li>Ulanowicz Mariusz powiat w\u0142oc\u0142awski<\/li>\n\n\n\n<li>Waszewski Karol powiat grudzi\u0105dzki<\/li>\n\n\n\n<li>W\u0105\u017c Marcin powiat grudzi\u0105dzki<\/li>\n\n\n\n<li>Wierzcho\u0142owski Jakub powiat brodnicki<\/li>\n\n\n\n<li>Wilandt \u00a0Izabela miasto Bydgoszcz<\/li>\n\n\n\n<li>Wilczy\u0144ski Daniel powiat rypi\u0144ski<\/li>\n\n\n\n<li>Wilkowski Piotr powiat \u017cni\u0144ski s\u0119dzia licz\u0105cy<\/li>\n\n\n\n<li>Wi\u015bniewski Eryk powiat rypi\u0144ski<\/li>\n\n\n\n<li>Wi\u015bniewski Przemys\u0142aw powiat rypi\u0144ski<\/li>\n\n\n\n<li>Wi\u015bniewski Rafa\u0142 powiat w\u0142oc\u0142awski<\/li>\n\n\n\n<li>Wojciechowski Krzysztof powiat w\u0105brzeski<\/li>\n\n\n\n<li>Wojciechowski Mariusz powiat toru\u0144ski<\/li>\n\n\n\n<li>Wojciechowski Wies\u0142aw powiat lipnowski<\/li>\n\n\n\n<li>Wojtaszewski Damian powiat grudzi\u0105dzki<\/li>\n\n\n\n<li>Wo\u0142owicz Beata powiat\u00a0mogile\u0144ski<\/li>\n\n\n\n<li>Zab\u0142ocki \u0141ukasz powiat w\u0105brzeski<\/li>\n\n\n\n<li>Zacharenko Marcin powiat\u00a0mogile\u0144ski<\/li>\n\n\n\n<li>Zdrojewski Krzysztof powiat lipnowski<\/li>\n\n\n\n<li>Zdunek Kinga powiat \u015bwiecki<\/li>\n\n\n\n<li>Zdunek Krzysztof powiat \u015bwiecki<\/li>\n\n\n\n<li>Zdunek Micha\u0142 powiat brodnicki<\/li>\n\n\n\n<li>Zglenicki Micha\u0142 powiat golubski<\/li>\n\n\n\n<li>Zieli\u0144ski Andrzej powiat lipnowski<\/li>\n\n\n\n<li>Zi\u00f3\u0142kowski Marcin powiat toru\u0144ski s\u0119dzia licz\u0105cy<\/li>\n\n\n\n<li>Zi\u00f3\u0142kowski Wies\u0142aw powiat toru\u0144ski<\/li>\n\n\n\n<li>\u017b\u00f3\u0142towski Mateusz powiat lipnowski<\/li>\n<\/ul>\n\n\n\n<p><\/p>\n","protected":false},"excerpt":{"rendered":"<p>Kolegium S\u0119dzi\u00f3w Zawod\u00f3w Stra\u017cackich Oddzia\u0142u Wojew\u00f3dzkiego ZOSP RP wojew\u00f3dztwa kujawsko-pomorskiego Zarz\u0105d Sk\u0142ad Zarz\u0105du Kolegium S\u0119dzi\u00f3w Zawod\u00f3w Stra\u017cackich Oddzia\u0142u Wojew\u00f3dzkiego ZOSP RP wojew\u00f3dztwa kujawsko-pomorskiego wybrany w dniu 19.11.2022 na kadencj\u0119 2022-2027 Leszek Szmyt \u2013 Przewodnicz\u0105cyJerzy Fydrych \u2013 I Wice przewodnicz\u0105cyDariusz Kowalczyk \u2013 II Wice przewodnicz\u0105cyEwelina Suli\u0144ska-Go\u0142ebiewska III Wice przewodnicz\u0105caWojciech Kowalczyk \u2013 SekretarzTomasz Mrozowski \u2013 Cz\u0142onek Zarz\u0105duMarcin &hellip; <a href=\"http:\/\/www.zosp.bydgoszcz.pl\/?page_id=25\" class=\"more-link\">Czytaj dalej <span class=\"screen-reader-text\">Kolegium S\u0119dzi\u00f3w<\/span> <span class=\"meta-nav\">&rarr;<\/span><\/a><\/p>\n","protected":false},"author":1,"featured_media":46,"parent":0,"menu_order":0,"comment_status":"closed","ping_status":"closed","template":"","meta":{"ngg_post_thumbnail":0,"footnotes":""},"class_list":["post-25","page","type-page","status-publish","has-post-thumbnail","hentry"],"_links":{"self":[{"href":"http:\/\/www.zosp.bydgoszcz.pl\/index.php?rest_route=\/wp\/v2\/pages\/25","targetHints":{"allow":["GET"]}}],"collection":[{"href":"http:\/\/www.zosp.bydgoszcz.pl\/index.php?rest_route=\/wp\/v2\/pages"}],"about":[{"href":"http:\/\/www.zosp.bydgoszcz.pl\/index.php?rest_route=\/wp\/v2\/types\/page"}],"author":[{"embeddable":true,"href":"http:\/\/www.zosp.bydgoszcz.pl\/index.php?rest_route=\/wp\/v2\/users\/1"}],"replies":[{"embeddable":true,"href":"http:\/\/www.zosp.bydgoszcz.pl\/index.php?rest_route=%2Fwp%2Fv2%2Fcomments&post=25"}],"version-history":[{"count":25,"href":"http:\/\/www.zosp.bydgoszcz.pl\/index.php?rest_route=\/wp\/v2\/pages\/25\/revisions"}],"predecessor-version":[{"id":2448,"href":"http:\/\/www.zosp.bydgoszcz.pl\/index.php?rest_route=\/wp\/v2\/pages\/25\/revisions\/2448"}],"wp:featuredmedia":[{"embeddable":true,"href":"http:\/\/www.zosp.bydgoszcz.pl\/index.php?rest_route=\/wp\/v2\/media\/46"}],"wp:attachment":[{"href":"http:\/\/www.zosp.bydgoszcz.pl\/index.php?rest_route=%2Fwp%2Fv2%2Fmedia&parent=25"}],"curies":[{"name":"wp","href":"https:\/\/api.w.org\/{rel}","templated":true}]}}